{"id":1439,"date":"2025-02-26T16:21:30","date_gmt":"2025-02-26T16:21:30","guid":{"rendered":"https:\/\/balmeswellnesscenter.com\/micropigmentacio-capillar\/"},"modified":"2025-04-24T08:25:56","modified_gmt":"2025-04-24T08:25:56","slug":"micropigmentacio-capillar","status":"publish","type":"page","link":"https:\/\/balmeswellnesscenter.com\/ca\/micropigmentacio-capillar\/","title":{"rendered":"Micropigmentaci\u00f3 capil\u00b7lar"},"content":{"rendered":"<section class=\"l-section wpb_row us_custom_793da9f1 height_large full_height valign_center width_full\"><div class=\"l-section-h i-cf\"><div class=\"g-cols vc_row via_grid cols_1 laptops-cols_inherit tablets-cols_inherit mobiles-cols_1 valign_top type_default stacking_default\"><div class=\"wpb_column vc_column_container\"><div class=\"vc_column-inner\"><div class=\"wpb_text_column us_custom_435c636a\"><div class=\"wpb_wrapper\"><h1 style=\"text-align: center;\"><b>Micropigmentaci\u00f3 capil\u00b7lar Barcelona<\/b><\/h1>\n<p style=\"text-align: center;\">A Balmes Wellness Center, oferim serveis de <strong>micropigmentaci\u00f3 capil\u00b7lar a Barcelona<\/strong> per ajudar els homes i les dones a recuperar l&#8217;aparen\u00e7a d&#8217;un cuir cabellut complet i uniforme. El nostre equip d&#8217;experts en micropigmentaci\u00f3 utilitza t\u00e8cniques avan\u00e7ades per crear la il\u00b7lusi\u00f3 de cabells reals. <\/p>\n<p style=\"text-align: center;\">La <strong><a href=\"https:\/\/balmeswellnesscenter.com\/ca\/micropigmentacio\/\">micropigmentaci\u00f3<\/a> capil\u00b7lar<\/strong> \u00e9s una soluci\u00f3 no invasiva i semipermanent per als que desitgen real\u00e7ar el naixement del cabell, crear densitat o camuflar cicatrius de trasplantaments capil\u00b7lars anteriors. Els nostres t\u00e8cnics especialitzats treballen amb cada client per adaptar el tractament a les necessitats espec\u00edfiques i al resultat desitjat. <\/p>\n<\/div><\/div><div class=\"w-separator us_custom_eb849559 size_small with_line width_30 thick_5 style_solid color_primary align_center\"><div class=\"w-separator-h\"><\/div><\/div><div class=\"w-btn-wrapper align_center\"><a class=\"w-btn us-btn-style_1 us_custom_0f8f44b7 icon_atleft\" href=\"#1\"><i class=\"fas fa-chevron-down\"><\/i><span class=\"w-btn-label\">Saber m\u00e9s<\/span><\/a><\/div><\/div><\/div><\/div><\/div><\/section><section class=\"l-section wpb_row height_huge full_height valign_center width_custom color_primary with_img\" style=\"--site-content-width:880px;\"><div class=\"l-section-img\" role=\"img\" aria-label=\"Micropigmentaci\u00f3n capilar Barcelona\" data-img-width=\"1200\" data-img-height=\"800\" style=\"background-image: url(https:\/\/balmeswellnesscenter.com\/wp-content\/uploads\/2025\/02\/Micropigmentacion-capilar-Barcelona.jpg);\"><\/div><div class=\"l-section-overlay\" style=\"background:linear-gradient(180deg,rgba(0,0,0,0.2),rgba(0,0,0,0.90))\"><\/div><div class=\"l-section-h i-cf\"><div class=\"g-cols vc_row via_grid cols_1 laptops-cols_inherit tablets-cols_inherit mobiles-cols_1 valign_top type_default stacking_default\"><div class=\"wpb_column vc_column_container\"><div class=\"vc_column-inner\"><div class=\"wpb_text_column\"><div class=\"wpb_wrapper\"><h2 style=\"text-align: center;\"><strong>Com \u00e9s la micropigmentaci\u00f3 capil\u00b7lar?<\/strong><\/h2>\n<p style=\"text-align: center;\">La <strong>micropigmentaci\u00f3 capil\u00b7lar<\/strong> \u00e9s un procediment m\u00ednimament invasiu que consisteix a dipositar petits punts de pigment al cuir cabellut per crear l&#8217;aparen\u00e7a de fol\u00b7licles pilosos. El proc\u00e9s \u00e9s semblant al de fer-se un tatuatge, per\u00f2 l&#8217;equip utilitzat est\u00e0 espec\u00edficament dissenyat per crear impressions realistes de fol\u00b7licles pilosos. <\/p>\n<p style=\"text-align: center;\">Durant el tractament, els nostres t\u00e8cnics especialitzats tra\u00e7aran amb cura la l\u00ednia dels cabells i la densitat desitjada, assegurant-se que els resultats tinguin l&#8217;aspecte desitjat.<\/p>\n<p style=\"text-align: center;\">La micropigmentaci\u00f3 capil\u00b7lar \u00e9s una opci\u00f3 popular per als que busquen restaurar els cabells amb resultats d&#8217;aspecte natural. Aquest tractament m\u00ednimament invasiu es pot completar en unes poques sessions.<\/p>\n<\/div><\/div><\/div><\/div><\/div><\/div><\/section><section class=\"l-section wpb_row height_large width_custom\" style=\"--site-content-width:800px;\"><div class=\"l-section-h i-cf\"><div class=\"g-cols vc_row via_grid cols_1 laptops-cols_inherit tablets-cols_inherit mobiles-cols_1 valign_top type_default stacking_default\"><div class=\"wpb_column vc_column_container\"><div class=\"vc_column-inner\"><div class=\"wpb_text_column\"><div class=\"wpb_wrapper\"><h2><strong>Beneficis<\/strong> <strong>Micropigmentaci\u00f3 capil\u00b7lar a Barcelona<\/strong><\/h2>\n<p><strong>1. Resultats naturals<\/strong> : El nostre equip d&#8217;experts est\u00e0 capacitat per crear impressions realistes dels fol\u00b7licles pilosos, donant l&#8217;aparen\u00e7a d&#8217;un cap ple de cabells.<\/p>\n<p><strong>2. Augmentar la confian\u00e7a<\/strong> : La p\u00e8rdua de cabell pot tenir un impacte significatiu a l&#8217;autoestima i la confian\u00e7a. La micropigmentaci\u00f3 capil\u00b7lar ofereix una soluci\u00f3 daspecte natural per augmentar la confian\u00e7a en un mateix. <\/p>\n<p><strong>3. Resultats duradors<\/strong> : La micropigmentaci\u00f3 capil\u00b7lar pot durar diversos anys amb les cures i el manteniment adequats, fet que suposa una soluci\u00f3 a llarg termini per als que busquen millorar-ne l&#8217;aspecte.<\/p>\n<p><strong>4. Procediment r\u00e0pid i senzill<\/strong> : El tractament normalment es pot completar en unes poques sessions, per la qual cosa \u00e9s una opci\u00f3 convenient per a aquells amb agendes ocupades.<\/p>\n<p><strong>5. Tractament personalitzat<\/strong> : Els nostres t\u00e8cnics treballen estretament amb cada client per crear un pla de tractament personalitzat que satisfaci les seves necessitats espec\u00edfiques i el resultat desitjat.<\/p>\n<p>Si est\u00e0s considerant la micropigmentaci\u00f3 capil\u00b7lar a Barcelona, \u200b\u200bno busquis m\u00e9s. El nostre equip es dedica a ajudar a cada client a assolir els seus objectius desitjats de manera segura i efica\u00e7. Posa&#8217;t en contacte amb nosaltres avui mateix per concertar una cita i obtenir m\u00e9s informaci\u00f3 sobre com la micropigmentaci\u00f3 capil\u00b7lar pot ajudar-te.<\/p>\n<\/div><\/div><\/div><\/div><\/div><\/div><\/section><section class=\"l-section wpb_row height_auto with_img parallax_ver with_shape\"><div class=\"l-section-img\" role=\"img\" aria-label=\"Imatge\" data-img-width=\"1200\" data-img-height=\"800\" style=\"background-image: url(https:\/\/balmeswellnesscenter.com\/wp-content\/uploads\/2023\/11\/toalla-helecho-velas-piedra-caliente-negra-ilustracion-madera-ai-generative.jpg);\"><\/div><div class=\"l-section-shape type_custom pos_bottom hor_flip\" style=\"height:14vh;\"><svg xmlns=\"http:\/\/www.w3.org\/2000\/svg\" viewBox=\"0 0 64 8\" preserveAspectRatio=\"none\" width=\"100%\" height=\"100%\">\r\n\t<path fill=\"currentColor\" d=\"M64 8 L0 8 L0 0 L64 0 Z\"\/>\r\n<\/svg><\/div><div class=\"l-section-h i-cf\"><div class=\"g-cols vc_row via_grid cols_1 laptops-cols_inherit tablets-cols_inherit mobiles-cols_1 valign_middle type_default stacking_default\"><div class=\"wpb_column vc_column_container\"><div class=\"vc_column-inner\"><div class=\"w-separator size_custom\" style=\"height:35vh\" id=\"n328\"><style><\/style><\/div><div class=\"w-actionbox us_custom_26be20fe color_primary controls_right\"><div class=\"w-actionbox-text\"><h2 class=\"w-actionbox-title\">Centre de micropigmentaci\u00f3 capil\u00b7lar a Barcelona<\/h2><div class=\"w-actionbox-description\"><p>Si busques un <strong>centre de micropigmentaci\u00f3 capil\u00b7lar de confian\u00e7a a Barcelona<\/strong> , \u200b\u200bBalmes Wellness Center \u00e9s la teva destinaci\u00f3. El nostre equip despecialistes compta amb una gran experi\u00e8ncia en la realitzaci\u00f3 daquest innovador procediment per ajudar les persones a aconseguir un aspecte de cabell natural i amb m\u00e9s volum.<\/p>\n<\/div><\/div><div class=\"w-actionbox-controls\"><a class=\"w-btn us-btn-style_3\" href=\"#2\"><span class=\"w-btn-label\">Veure m\u00e9s<\/span><\/a><\/div><\/div><\/div><\/div><\/div><\/div><\/section><section class=\"l-section wpb_row height_large width_custom\" style=\"--site-content-width:600px;\" id=\"2\"><div class=\"l-section-h i-cf\"><div class=\"g-cols vc_row via_grid cols_1 laptops-cols_inherit tablets-cols_inherit mobiles-cols_1 valign_top type_default stacking_default\"><div class=\"wpb_column vc_column_container\"><div class=\"vc_column-inner\"><div class=\"w-separator us_custom_dcd4f45f size_small with_line width_default thick_5 style_solid color_primary align_center\"><div class=\"w-separator-h\"><\/div><\/div><div class=\"wpb_text_column us_custom_55604014 has_text_color\"><div class=\"wpb_wrapper\"><p>Un viatge inoblidable a trav\u00e9s de <span style=\"color: var(--color-content-link);\">les sensacions<\/span><\/p>\n<\/div><\/div><div class=\"w-hwrapper us_custom_0f8f44b7 valign_middle align_left\" style=\"--hwrapper-gap:0.5rem\"><div class=\"w-iconbox iconpos_top style_default color_primary align_center no_text no_title\"><div class=\"w-iconbox-icon\" style=\"font-size:1.5rem;\"><i class=\"fas fa-star\"><\/i><\/div><div class=\"w-iconbox-meta\"><\/div><\/div><div class=\"w-iconbox iconpos_top style_default color_primary align_center no_text no_title\"><div class=\"w-iconbox-icon\" style=\"font-size:1.5rem;\"><i class=\"fas fa-star\"><\/i><\/div><div class=\"w-iconbox-meta\"><\/div><\/div><div class=\"w-iconbox iconpos_top style_default color_primary align_center no_text no_title\"><div class=\"w-iconbox-icon\" style=\"font-size:1.5rem;\"><i class=\"fas fa-star\"><\/i><\/div><div class=\"w-iconbox-meta\"><\/div><\/div><div class=\"w-iconbox iconpos_top style_default color_primary align_center no_text no_title\"><div class=\"w-iconbox-icon\" style=\"font-size:1.5rem;\"><i class=\"fas fa-star\"><\/i><\/div><div class=\"w-iconbox-meta\"><\/div><\/div><div class=\"w-iconbox iconpos_top style_default color_primary align_center no_text no_title\"><div class=\"w-iconbox-icon\" style=\"font-size:1.5rem;\"><i class=\"fas fa-star\"><\/i><\/div><div class=\"w-iconbox-meta\"><\/div><\/div><\/div><\/div><\/div><\/div><\/div><\/section><section class=\"l-section wpb_row height_auto width_full\"><div class=\"l-section-h i-cf\"><div class=\"g-cols vc_row via_grid cols_1 laptops-cols_inherit tablets-cols_inherit mobiles-cols_1 valign_top type_default stacking_default\"><div class=\"wpb_column vc_column_container\"><div class=\"vc_column-inner\"><div class=\"w-grid us_carousel type_carousel layout_gallery_cropped preload_style_spinner items_3 ratio_3x2\" id=\"us_grid_1\" style=\"--items:3;--gap:5px;--item-ratio:0.66667;\"><style>.layout_gallery_cropped .w-grid-item-h{}.layout_gallery_cropped .usg_post_image_1{position:absolute!important;left:0!important;top:0!important;bottom:0!important;right:0!important}<\/style><div class=\"w-grid-list owl-carousel valign_middle dotstyle_circle navstyle_square arrows-ver-pos_stretch arrows-hor-pos_on_sides_inside arrows-disabled_hide owl-responsive-2000 with_arrows\" style=\"--transition-duration:350ms;--arrows-size:1.5rem;--arrows-hor-offset:calc(0px - 5px);--arrows-gap:10px;\">\t<article class=\"w-grid-item post-1136 attachment type-attachment status-inherit hentry\" data-id=\"1136\">\r\n\t\t<div class=\"w-grid-item-h\">\r\n\t\t\t\t\t\t<div class=\"w-post-elm post_image usg_post_image_1 stretched\"><img loading=\"lazy\" decoding=\"async\" width=\"1024\" height=\"768\" src=\"https:\/\/balmeswellnesscenter.com\/wp-content\/uploads\/2023\/11\/WhatsApp-Image-2021-07-23-at-13.18.09.jpg\" class=\"attachment-large size-large\" alt=\"\" srcset=\"https:\/\/balmeswellnesscenter.com\/wp-content\/uploads\/2023\/11\/WhatsApp-Image-2021-07-23-at-13.18.09.jpg 1024w, https:\/\/balmeswellnesscenter.com\/wp-content\/uploads\/2023\/11\/WhatsApp-Image-2021-07-23-at-13.18.09-300x225.jpg 300w\" sizes=\"auto, (max-width: 1024px) 100vw, 1024px\" \/><\/div>\t\t<\/div>\r\n\t\t\t<\/article>\r\n\t<article class=\"w-grid-item post-1138 attachment type-attachment status-inherit hentry\" data-id=\"1138\">\r\n\t\t<div class=\"w-grid-item-h\">\r\n\t\t\t\t\t\t<div class=\"w-post-elm post_image usg_post_image_1 stretched\"><img loading=\"lazy\" decoding=\"async\" width=\"1024\" height=\"768\" src=\"https:\/\/balmeswellnesscenter.com\/wp-content\/uploads\/2023\/11\/WhatsApp-Image-2021-07-23-at-13.18.09-4.jpg\" class=\"attachment-large size-large\" alt=\"\" srcset=\"https:\/\/balmeswellnesscenter.com\/wp-content\/uploads\/2023\/11\/WhatsApp-Image-2021-07-23-at-13.18.09-4.jpg 1024w, https:\/\/balmeswellnesscenter.com\/wp-content\/uploads\/2023\/11\/WhatsApp-Image-2021-07-23-at-13.18.09-4-300x225.jpg 300w\" sizes=\"auto, (max-width: 1024px) 100vw, 1024px\" \/><\/div>\t\t<\/div>\r\n\t\t\t<\/article>\r\n\t<article class=\"w-grid-item post-1149 attachment type-attachment status-inherit hentry\" data-id=\"1149\">\r\n\t\t<div class=\"w-grid-item-h\">\r\n\t\t\t\t\t\t<div class=\"w-post-elm post_image usg_post_image_1 stretched\"><img loading=\"lazy\" decoding=\"async\" width=\"1000\" height=\"667\" src=\"https:\/\/balmeswellnesscenter.com\/wp-content\/uploads\/2024\/04\/balmes-wellness-center.jpg\" class=\"attachment-large size-large\" alt=\"\" srcset=\"https:\/\/balmeswellnesscenter.com\/wp-content\/uploads\/2024\/04\/balmes-wellness-center.jpg 1000w, https:\/\/balmeswellnesscenter.com\/wp-content\/uploads\/2024\/04\/balmes-wellness-center-300x200.jpg 300w\" sizes=\"auto, (max-width: 1000px) 100vw, 1000px\" \/><\/div>\t\t<\/div>\r\n\t\t\t<\/article>\r\n\t<article class=\"w-grid-item post-1148 attachment type-attachment status-inherit hentry\" data-id=\"1148\">\r\n\t\t<div class=\"w-grid-item-h\">\r\n\t\t\t\t\t\t<div class=\"w-post-elm post_image usg_post_image_1 stretched\"><img loading=\"lazy\" decoding=\"async\" width=\"1000\" height=\"667\" src=\"https:\/\/balmeswellnesscenter.com\/wp-content\/uploads\/2024\/04\/balmes-wellness-center2.jpg\" class=\"attachment-large size-large\" alt=\"\" srcset=\"https:\/\/balmeswellnesscenter.com\/wp-content\/uploads\/2024\/04\/balmes-wellness-center2.jpg 1000w, https:\/\/balmeswellnesscenter.com\/wp-content\/uploads\/2024\/04\/balmes-wellness-center2-300x200.jpg 300w\" sizes=\"auto, (max-width: 1000px) 100vw, 1000px\" \/><\/div>\t\t<\/div>\r\n\t\t\t<\/article>\r\n\t<article class=\"w-grid-item post-1147 attachment type-attachment status-inherit hentry\" data-id=\"1147\">\r\n\t\t<div class=\"w-grid-item-h\">\r\n\t\t\t\t\t\t<div class=\"w-post-elm post_image usg_post_image_1 stretched\"><img loading=\"lazy\" decoding=\"async\" width=\"1000\" height=\"667\" src=\"https:\/\/balmeswellnesscenter.com\/wp-content\/uploads\/2024\/04\/balmes-wellness-center3.jpg\" class=\"attachment-large size-large\" alt=\"\" srcset=\"https:\/\/balmeswellnesscenter.com\/wp-content\/uploads\/2024\/04\/balmes-wellness-center3.jpg 1000w, https:\/\/balmeswellnesscenter.com\/wp-content\/uploads\/2024\/04\/balmes-wellness-center3-300x200.jpg 300w\" sizes=\"auto, (max-width: 1000px) 100vw, 1000px\" \/><\/div>\t\t<\/div>\r\n\t\t\t<\/article>\r\n\t<article class=\"w-grid-item post-1146 attachment type-attachment status-inherit hentry\" data-id=\"1146\">\r\n\t\t<div class=\"w-grid-item-h\">\r\n\t\t\t\t\t\t<div class=\"w-post-elm post_image usg_post_image_1 stretched\"><img loading=\"lazy\" decoding=\"async\" width=\"1000\" height=\"667\" src=\"https:\/\/balmeswellnesscenter.com\/wp-content\/uploads\/2024\/04\/balmes-wellness-center4.jpg\" class=\"attachment-large size-large\" alt=\"\" srcset=\"https:\/\/balmeswellnesscenter.com\/wp-content\/uploads\/2024\/04\/balmes-wellness-center4.jpg 1000w, https:\/\/balmeswellnesscenter.com\/wp-content\/uploads\/2024\/04\/balmes-wellness-center4-300x200.jpg 300w\" sizes=\"auto, (max-width: 1000px) 100vw, 1000px\" \/><\/div>\t\t<\/div>\r\n\t\t\t<\/article>\r\n<\/div><div class=\"w-grid-carousel-json hidden\" onclick='return {&quot;carousel_settings&quot;:{&quot;aria_labels&quot;:{&quot;prev&quot;:&quot;Anterior&quot;,&quot;next&quot;:&quot;Seg\\u00fcent&quot;},&quot;autoplayContinual&quot;:false,&quot;autoplayHoverPause&quot;:false,&quot;autoplayTimeout&quot;:3000,&quot;autoWidth&quot;:false,&quot;smartSpeed&quot;:350,&quot;margin&quot;:0,&quot;mouseDrag&quot;:true,&quot;rtl&quot;:false,&quot;slideBy&quot;:&quot;1&quot;,&quot;touchDrag&quot;:true,&quot;slideTransition&quot;:&quot;&quot;,&quot;responsive&quot;:{&quot;0&quot;:{&quot;autoHeight&quot;:false,&quot;autoplay&quot;:true,&quot;autoWidth&quot;:false,&quot;center&quot;:false,&quot;dots&quot;:false,&quot;items&quot;:1,&quot;loop&quot;:true,&quot;nav&quot;:false,&quot;stagePadding&quot;:30,&quot;slideBy&quot;:&quot;1&quot;},&quot;601&quot;:{&quot;autoHeight&quot;:false,&quot;autoplay&quot;:true,&quot;autoWidth&quot;:false,&quot;center&quot;:false,&quot;dots&quot;:false,&quot;items&quot;:2,&quot;loop&quot;:true,&quot;nav&quot;:true,&quot;stagePadding&quot;:80,&quot;slideBy&quot;:&quot;1&quot;},&quot;1025&quot;:{&quot;autoHeight&quot;:false,&quot;autoplay&quot;:true,&quot;autoWidth&quot;:false,&quot;center&quot;:false,&quot;dots&quot;:false,&quot;items&quot;:3,&quot;loop&quot;:true,&quot;nav&quot;:true,&quot;stagePadding&quot;:80,&quot;slideBy&quot;:&quot;1&quot;},&quot;1381&quot;:{&quot;items&quot;:3,&quot;autoplay&quot;:false,&quot;center&quot;:false,&quot;dots&quot;:false,&quot;nav&quot;:true,&quot;autoHeight&quot;:false,&quot;autoWidth&quot;:false,&quot;loop&quot;:true,&quot;stagePadding&quot;:80}}}}'><\/div><\/div><\/div><\/div><\/div><\/div><\/section><section class=\"l-section wpb_row height_large\"><div class=\"l-section-h i-cf\"><div class=\"g-cols vc_row via_grid cols_1 laptops-cols_inherit tablets-cols_inherit mobiles-cols_1 valign_top type_default stacking_default\" style=\"--columns-gap:0rem;\"><div class=\"wpb_column vc_column_container\"><div class=\"vc_column-inner\"><div class=\"wpb_text_column\"><div class=\"wpb_wrapper\"><h3 style=\"text-align: center;\">Gaudeix d\u00b4una experi\u00e8ncia \u00fanica<\/h3>\n<\/div><\/div><div class=\"w-separator us_custom_eb849559 size_small with_line width_50 thick_5 style_solid color_primary align_center\"><div class=\"w-separator-h\"><\/div><\/div><div class=\"w-separator us_custom_eb849559 size_custom\" style=\"height:30px\" id=\"za9c\"><style><\/style><\/div><div class=\"w-separator us_custom_eb849559 size_custom\" style=\"height:30px\" id=\"jbba\"><style><\/style><\/div><div class=\"g-cols wpb_row via_grid cols_2 laptops-cols_inherit tablets-cols_1 mobiles-cols_1 valign_middle type_default stacking_default\" style=\"--columns-gap:3rem;\"><div class=\"wpb_column vc_column_container\"><div class=\"vc_column-inner\"><div class=\"w-iconbox iconpos_left style_default color_primary align_left\"><div class=\"w-iconbox-icon\" style=\"font-size:50px;\"><i class=\"fas fa-heart\"><\/i><\/div><div class=\"w-iconbox-meta\"><h4 class=\"w-iconbox-title\">Benestar<\/h4><div class=\"w-iconbox-text\"><p>Amb els nostres tractaments redescobrir\u00e0s el significat de la paraula benestar.<\/p>\n<\/div><\/div><\/div><div class=\"w-separator size_large\"><\/div><div class=\"w-iconbox iconpos_left style_default color_primary align_left\"><div class=\"w-iconbox-icon\" style=\"font-size:50px;\"><i class=\"fas fa-hands\"><\/i><\/div><div class=\"w-iconbox-meta\"><h4 class=\"w-iconbox-title\">Massatgistes professionals<\/h4><div class=\"w-iconbox-text\"><p><span style=\"vertical-align: inherit;\">El nostre equip de massatgistes est\u00e0 altament qualificat a cadascuna de les seves disciplines.<\/span><\/p>\n<\/div><\/div><\/div><div class=\"w-separator size_large\"><\/div><div class=\"w-iconbox iconpos_left style_default color_primary align_left\"><div class=\"w-iconbox-icon\" style=\"font-size:50px;\"><i class=\"fas fa-yin-yang\"><\/i><\/div><div class=\"w-iconbox-meta\"><h4 class=\"w-iconbox-title\">Harmonia<\/h4><div class=\"w-iconbox-text\"><p>Torna a sentir la connexi\u00f3 entre el teu cos i la ment.<\/p>\n<\/div><\/div><\/div><\/div><\/div><div class=\"wpb_column vc_column_container\"><div class=\"vc_column-inner\"><div class=\"w-image us_custom_fd2a8abf has_ratio align_none\"><div class=\"w-image-h\"><div style=\"padding-bottom:100%\"><\/div><img decoding=\"async\" width=\"1024\" height=\"682\" src=\"https:\/\/balmeswellnesscenter.com\/wp-content\/uploads\/2023\/11\/retrato-joven-modelo-elegante-riendo-ropa-casual-gris-verano-sombrero-marron-maquillaje-natural-1024x682.jpg\" class=\"attachment-large size-large\" alt=\"\" loading=\"lazy\" \/><\/div><\/div><\/div><\/div><\/div><\/div><\/div><\/div><\/div><\/section>\n","protected":false},"excerpt":{"rendered":"","protected":false},"author":1,"featured_media":1401,"parent":0,"menu_order":0,"comment_status":"closed","ping_status":"closed","template":"","meta":{"_joinchat":[],"footnotes":""},"class_list":["post-1439","page","type-page","status-publish","has-post-thumbnail","hentry"],"yoast_head":"<!-- This site is optimized with the Yoast SEO plugin v27.3 - https:\/\/yoast.com\/product\/yoast-seo-wordpress\/ -->\n<title>Micropigmentaci\u00f3 capil\u00b7lar Barcelona. Truca&#039;ns sense comprom\u00eds.<\/title>\n<meta name=\"description\" content=\"Som un centre especialitzat en la Micropigmentaci\u00f3 capil\u00b7lar a Barcelona. Posa&#039;t en contacte amb nosaltres i t&#039;informarem sense cap comprom\u00eds.\" \/>\n<meta name=\"robots\" content=\"index, follow, max-snippet:-1, max-image-preview:large, max-video-preview:-1\" \/>\n<link rel=\"canonical\" href=\"https:\/\/balmeswellnesscenter.com\/ca\/micropigmentacio-capillar\/\" \/>\n<meta property=\"og:locale\" content=\"ca_ES\" \/>\n<meta property=\"og:type\" content=\"article\" \/>\n<meta property=\"og:title\" content=\"Micropigmentaci\u00f3 capil\u00b7lar Barcelona. Truca&#039;ns sense comprom\u00eds.\" \/>\n<meta property=\"og:description\" content=\"Som un centre especialitzat en la Micropigmentaci\u00f3 capil\u00b7lar a Barcelona. Posa&#039;t en contacte amb nosaltres i t&#039;informarem sense cap comprom\u00eds.\" \/>\n<meta property=\"og:url\" content=\"https:\/\/balmeswellnesscenter.com\/ca\/micropigmentacio-capillar\/\" \/>\n<meta property=\"og:site_name\" content=\"Balmes Wellness Center\" \/>\n<meta property=\"article:modified_time\" content=\"2025-04-24T08:25:56+00:00\" \/>\n<meta property=\"og:image\" content=\"https:\/\/balmeswellnesscenter.com\/wp-content\/uploads\/2025\/02\/Micropigmentacion-capilar-Barcelona.jpg\" \/>\n\t<meta property=\"og:image:width\" content=\"1200\" \/>\n\t<meta property=\"og:image:height\" content=\"800\" \/>\n\t<meta property=\"og:image:type\" content=\"image\/jpeg\" \/>\n<meta name=\"twitter:card\" content=\"summary_large_image\" \/>\n<meta name=\"twitter:label1\" content=\"Temps estimat de lectura\" \/>\n\t<meta name=\"twitter:data1\" content=\"6 minuts\" \/>\n<script type=\"application\/ld+json\" class=\"yoast-schema-graph\">{\"@context\":\"https:\\\/\\\/schema.org\",\"@graph\":[{\"@type\":\"WebPage\",\"@id\":\"https:\\\/\\\/balmeswellnesscenter.com\\\/ca\\\/micropigmentacio-capillar\\\/\",\"url\":\"https:\\\/\\\/balmeswellnesscenter.com\\\/ca\\\/micropigmentacio-capillar\\\/\",\"name\":\"Micropigmentaci\u00f3 capil\u00b7lar Barcelona. Truca'ns sense comprom\u00eds.\",\"isPartOf\":{\"@id\":\"https:\\\/\\\/balmeswellnesscenter.com\\\/ca\\\/#website\"},\"primaryImageOfPage\":{\"@id\":\"https:\\\/\\\/balmeswellnesscenter.com\\\/ca\\\/micropigmentacio-capillar\\\/#primaryimage\"},\"image\":{\"@id\":\"https:\\\/\\\/balmeswellnesscenter.com\\\/ca\\\/micropigmentacio-capillar\\\/#primaryimage\"},\"thumbnailUrl\":\"https:\\\/\\\/balmeswellnesscenter.com\\\/wp-content\\\/uploads\\\/2025\\\/02\\\/Micropigmentacion-capilar-Barcelona.jpg\",\"datePublished\":\"2025-02-26T16:21:30+00:00\",\"dateModified\":\"2025-04-24T08:25:56+00:00\",\"description\":\"Som un centre especialitzat en la Micropigmentaci\u00f3 capil\u00b7lar a Barcelona. Posa't en contacte amb nosaltres i t'informarem sense cap comprom\u00eds.\",\"breadcrumb\":{\"@id\":\"https:\\\/\\\/balmeswellnesscenter.com\\\/ca\\\/micropigmentacio-capillar\\\/#breadcrumb\"},\"inLanguage\":\"ca\",\"potentialAction\":[{\"@type\":\"ReadAction\",\"target\":[\"https:\\\/\\\/balmeswellnesscenter.com\\\/ca\\\/micropigmentacio-capillar\\\/\"]}]},{\"@type\":\"ImageObject\",\"inLanguage\":\"ca\",\"@id\":\"https:\\\/\\\/balmeswellnesscenter.com\\\/ca\\\/micropigmentacio-capillar\\\/#primaryimage\",\"url\":\"https:\\\/\\\/balmeswellnesscenter.com\\\/wp-content\\\/uploads\\\/2025\\\/02\\\/Micropigmentacion-capilar-Barcelona.jpg\",\"contentUrl\":\"https:\\\/\\\/balmeswellnesscenter.com\\\/wp-content\\\/uploads\\\/2025\\\/02\\\/Micropigmentacion-capilar-Barcelona.jpg\",\"width\":1200,\"height\":800,\"caption\":\"Micropigmentaci\u00f3n capilar Barcelona\"},{\"@type\":\"BreadcrumbList\",\"@id\":\"https:\\\/\\\/balmeswellnesscenter.com\\\/ca\\\/micropigmentacio-capillar\\\/#breadcrumb\",\"itemListElement\":[{\"@type\":\"ListItem\",\"position\":1,\"name\":\"Portada\",\"item\":\"https:\\\/\\\/balmeswellnesscenter.com\\\/ca\\\/inici\\\/\"},{\"@type\":\"ListItem\",\"position\":2,\"name\":\"Micropigmentaci\u00f3 capil\u00b7lar\"}]},{\"@type\":\"WebSite\",\"@id\":\"https:\\\/\\\/balmeswellnesscenter.com\\\/ca\\\/#website\",\"url\":\"https:\\\/\\\/balmeswellnesscenter.com\\\/ca\\\/\",\"name\":\"BalmesWellnessCenter.com\",\"description\":\"BalmesWellnessCenter.com\",\"publisher\":{\"@id\":\"https:\\\/\\\/balmeswellnesscenter.com\\\/ca\\\/#organization\"},\"alternateName\":\"Balmes Wellness Center\",\"potentialAction\":[{\"@type\":\"SearchAction\",\"target\":{\"@type\":\"EntryPoint\",\"urlTemplate\":\"https:\\\/\\\/balmeswellnesscenter.com\\\/ca\\\/?s={search_term_string}\"},\"query-input\":{\"@type\":\"PropertyValueSpecification\",\"valueRequired\":true,\"valueName\":\"search_term_string\"}}],\"inLanguage\":\"ca\"},{\"@type\":\"Organization\",\"@id\":\"https:\\\/\\\/balmeswellnesscenter.com\\\/ca\\\/#organization\",\"name\":\"BalmesWellnessCenter.com\",\"url\":\"https:\\\/\\\/balmeswellnesscenter.com\\\/ca\\\/\",\"logo\":{\"@type\":\"ImageObject\",\"inLanguage\":\"ca\",\"@id\":\"https:\\\/\\\/balmeswellnesscenter.com\\\/ca\\\/#\\\/schema\\\/logo\\\/image\\\/\",\"url\":\"https:\\\/\\\/balmeswellnesscenter.com\\\/wp-content\\\/uploads\\\/2024\\\/01\\\/Logotipo-dorado-fondo-negro.jpg\",\"contentUrl\":\"https:\\\/\\\/balmeswellnesscenter.com\\\/wp-content\\\/uploads\\\/2024\\\/01\\\/Logotipo-dorado-fondo-negro.jpg\",\"width\":814,\"height\":764,\"caption\":\"BalmesWellnessCenter.com\"},\"image\":{\"@id\":\"https:\\\/\\\/balmeswellnesscenter.com\\\/ca\\\/#\\\/schema\\\/logo\\\/image\\\/\"}}]}<\/script>\n<!-- \/ Yoast SEO plugin. -->","yoast_head_json":{"title":"Micropigmentaci\u00f3 capil\u00b7lar Barcelona. Truca'ns sense comprom\u00eds.","description":"Som un centre especialitzat en la Micropigmentaci\u00f3 capil\u00b7lar a Barcelona. Posa't en contacte amb nosaltres i t'informarem sense cap comprom\u00eds.","robots":{"index":"index","follow":"follow","max-snippet":"max-snippet:-1","max-image-preview":"max-image-preview:large","max-video-preview":"max-video-preview:-1"},"canonical":"https:\/\/balmeswellnesscenter.com\/ca\/micropigmentacio-capillar\/","og_locale":"ca_ES","og_type":"article","og_title":"Micropigmentaci\u00f3 capil\u00b7lar Barcelona. Truca'ns sense comprom\u00eds.","og_description":"Som un centre especialitzat en la Micropigmentaci\u00f3 capil\u00b7lar a Barcelona. Posa't en contacte amb nosaltres i t'informarem sense cap comprom\u00eds.","og_url":"https:\/\/balmeswellnesscenter.com\/ca\/micropigmentacio-capillar\/","og_site_name":"Balmes Wellness Center","article_modified_time":"2025-04-24T08:25:56+00:00","og_image":[{"width":1200,"height":800,"url":"https:\/\/balmeswellnesscenter.com\/wp-content\/uploads\/2025\/02\/Micropigmentacion-capilar-Barcelona.jpg","type":"image\/jpeg"}],"twitter_card":"summary_large_image","twitter_misc":{"Temps estimat de lectura":"6 minuts"},"schema":{"@context":"https:\/\/schema.org","@graph":[{"@type":"WebPage","@id":"https:\/\/balmeswellnesscenter.com\/ca\/micropigmentacio-capillar\/","url":"https:\/\/balmeswellnesscenter.com\/ca\/micropigmentacio-capillar\/","name":"Micropigmentaci\u00f3 capil\u00b7lar Barcelona. Truca'ns sense comprom\u00eds.","isPartOf":{"@id":"https:\/\/balmeswellnesscenter.com\/ca\/#website"},"primaryImageOfPage":{"@id":"https:\/\/balmeswellnesscenter.com\/ca\/micropigmentacio-capillar\/#primaryimage"},"image":{"@id":"https:\/\/balmeswellnesscenter.com\/ca\/micropigmentacio-capillar\/#primaryimage"},"thumbnailUrl":"https:\/\/balmeswellnesscenter.com\/wp-content\/uploads\/2025\/02\/Micropigmentacion-capilar-Barcelona.jpg","datePublished":"2025-02-26T16:21:30+00:00","dateModified":"2025-04-24T08:25:56+00:00","description":"Som un centre especialitzat en la Micropigmentaci\u00f3 capil\u00b7lar a Barcelona. Posa't en contacte amb nosaltres i t'informarem sense cap comprom\u00eds.","breadcrumb":{"@id":"https:\/\/balmeswellnesscenter.com\/ca\/micropigmentacio-capillar\/#breadcrumb"},"inLanguage":"ca","potentialAction":[{"@type":"ReadAction","target":["https:\/\/balmeswellnesscenter.com\/ca\/micropigmentacio-capillar\/"]}]},{"@type":"ImageObject","inLanguage":"ca","@id":"https:\/\/balmeswellnesscenter.com\/ca\/micropigmentacio-capillar\/#primaryimage","url":"https:\/\/balmeswellnesscenter.com\/wp-content\/uploads\/2025\/02\/Micropigmentacion-capilar-Barcelona.jpg","contentUrl":"https:\/\/balmeswellnesscenter.com\/wp-content\/uploads\/2025\/02\/Micropigmentacion-capilar-Barcelona.jpg","width":1200,"height":800,"caption":"Micropigmentaci\u00f3n capilar Barcelona"},{"@type":"BreadcrumbList","@id":"https:\/\/balmeswellnesscenter.com\/ca\/micropigmentacio-capillar\/#breadcrumb","itemListElement":[{"@type":"ListItem","position":1,"name":"Portada","item":"https:\/\/balmeswellnesscenter.com\/ca\/inici\/"},{"@type":"ListItem","position":2,"name":"Micropigmentaci\u00f3 capil\u00b7lar"}]},{"@type":"WebSite","@id":"https:\/\/balmeswellnesscenter.com\/ca\/#website","url":"https:\/\/balmeswellnesscenter.com\/ca\/","name":"BalmesWellnessCenter.com","description":"BalmesWellnessCenter.com","publisher":{"@id":"https:\/\/balmeswellnesscenter.com\/ca\/#organization"},"alternateName":"Balmes Wellness Center","potentialAction":[{"@type":"SearchAction","target":{"@type":"EntryPoint","urlTemplate":"https:\/\/balmeswellnesscenter.com\/ca\/?s={search_term_string}"},"query-input":{"@type":"PropertyValueSpecification","valueRequired":true,"valueName":"search_term_string"}}],"inLanguage":"ca"},{"@type":"Organization","@id":"https:\/\/balmeswellnesscenter.com\/ca\/#organization","name":"BalmesWellnessCenter.com","url":"https:\/\/balmeswellnesscenter.com\/ca\/","logo":{"@type":"ImageObject","inLanguage":"ca","@id":"https:\/\/balmeswellnesscenter.com\/ca\/#\/schema\/logo\/image\/","url":"https:\/\/balmeswellnesscenter.com\/wp-content\/uploads\/2024\/01\/Logotipo-dorado-fondo-negro.jpg","contentUrl":"https:\/\/balmeswellnesscenter.com\/wp-content\/uploads\/2024\/01\/Logotipo-dorado-fondo-negro.jpg","width":814,"height":764,"caption":"BalmesWellnessCenter.com"},"image":{"@id":"https:\/\/balmeswellnesscenter.com\/ca\/#\/schema\/logo\/image\/"}}]}},"_links":{"self":[{"href":"https:\/\/balmeswellnesscenter.com\/ca\/wp-json\/wp\/v2\/pages\/1439","targetHints":{"allow":["GET"]}}],"collection":[{"href":"https:\/\/balmeswellnesscenter.com\/ca\/wp-json\/wp\/v2\/pages"}],"about":[{"href":"https:\/\/balmeswellnesscenter.com\/ca\/wp-json\/wp\/v2\/types\/page"}],"author":[{"embeddable":true,"href":"https:\/\/balmeswellnesscenter.com\/ca\/wp-json\/wp\/v2\/users\/1"}],"replies":[{"embeddable":true,"href":"https:\/\/balmeswellnesscenter.com\/ca\/wp-json\/wp\/v2\/comments?post=1439"}],"version-history":[{"count":2,"href":"https:\/\/balmeswellnesscenter.com\/ca\/wp-json\/wp\/v2\/pages\/1439\/revisions"}],"predecessor-version":[{"id":1441,"href":"https:\/\/balmeswellnesscenter.com\/ca\/wp-json\/wp\/v2\/pages\/1439\/revisions\/1441"}],"wp:featuredmedia":[{"embeddable":true,"href":"https:\/\/balmeswellnesscenter.com\/ca\/wp-json\/wp\/v2\/media\/1401"}],"wp:attachment":[{"href":"https:\/\/balmeswellnesscenter.com\/ca\/wp-json\/wp\/v2\/media?parent=1439"}],"curies":[{"name":"wp","href":"https:\/\/api.w.org\/{rel}","templated":true}]}}