{"id":1448,"date":"2025-02-26T10:53:59","date_gmt":"2025-02-26T10:53:59","guid":{"rendered":"https:\/\/balmeswellnesscenter.com\/micropigmentacio-celles\/"},"modified":"2026-03-17T18:25:39","modified_gmt":"2026-03-17T18:25:39","slug":"micropigmentacio-celles","status":"publish","type":"page","link":"https:\/\/balmeswellnesscenter.com\/ca\/micropigmentacio-celles\/","title":{"rendered":"Micropigmentaci\u00f3 celles"},"content":{"rendered":"<section class=\"l-section wpb_row us_custom_793da9f1 height_large full_height valign_center width_full\"><div class=\"l-section-h i-cf\"><div class=\"g-cols vc_row via_grid cols_1 laptops-cols_inherit tablets-cols_inherit mobiles-cols_1 valign_top type_default stacking_default\"><div class=\"wpb_column vc_column_container\"><div class=\"vc_column-inner\"><div class=\"wpb_text_column us_custom_435c636a\"><div class=\"wpb_wrapper\"><h1 style=\"text-align: center;\"><b>Micropigmentaci\u00f3 celles Barcelona<\/b><\/h1>\n<p style=\"text-align: center;\">A Balmes Wellness Center, oferim serveis de <strong>micropigmentaci\u00f3 de celles a Barcelona<\/strong> per a aquelles persones que volen millorar l&#8217;aparen\u00e7a i la definici\u00f3 de les celles de forma duradora. El nostre equip de professionals altament qualificats utilitza t\u00e8cniques avan\u00e7ades i productes d\u00b4alta qualitat per aconseguir resultats naturals i satisfactoris. <\/p>\n<\/div><\/div><div class=\"w-separator us_custom_eb849559 size_small with_line width_30 thick_5 style_solid color_primary align_center\"><div class=\"w-separator-h\"><\/div><\/div><div class=\"w-btn-wrapper align_center\"><a class=\"w-btn us-btn-style_1 us_custom_0f8f44b7 icon_atleft\" href=\"#1\"><i class=\"fas fa-chevron-down\"><\/i><span class=\"w-btn-label\">Saber m\u00e9s<\/span><\/a><\/div><\/div><\/div><\/div><\/div><\/section><section class=\"l-section wpb_row height_huge full_height valign_center width_custom color_primary with_img\" style=\"--site-content-width:880px;\"><div class=\"l-section-img\" role=\"img\" aria-label=\"Micropigmentaci\u00f3n cejas Barcelona\" data-img-width=\"1200\" data-img-height=\"800\" style=\"background-image: url(https:\/\/balmeswellnesscenter.com\/wp-content\/uploads\/2023\/11\/marcado-lapiz-cejas.jpg);\"><\/div><div class=\"l-section-overlay\" style=\"background:linear-gradient(180deg,rgba(0,0,0,0.2),rgba(0,0,0,0.90))\"><\/div><div class=\"l-section-h i-cf\"><div class=\"g-cols vc_row via_grid cols_1 laptops-cols_inherit tablets-cols_inherit mobiles-cols_1 valign_top type_default stacking_default\"><div class=\"wpb_column vc_column_container\"><div class=\"vc_column-inner\"><div class=\"wpb_text_column\"><div class=\"wpb_wrapper\"><h2 style=\"text-align: center;\"><b>Microblading de celles a Barcelona<\/b><\/h2>\n<p style=\"text-align: center;\">La <strong><a href=\"https:\/\/balmeswellnesscenter.com\/ca\/micropigmentacio\/\">micropigmentaci\u00f3<\/a> de celles<\/strong> , tamb\u00e9 coneguda com a <strong>microblading Barcelona<\/strong> , \u200b\u200b\u00e9s una t\u00e8cnica de maquillatge semipermanent que consisteix a dipositar pigment a la pell per crear tra\u00e7os similars a p\u00e8ls que imiten els p\u00e8ls naturals de les celles. Aquest procediment pot ajudar a real\u00e7ar les celles afegint-hi volum, definici\u00f3 i forma. <\/p>\n<p style=\"text-align: center;\">A Balmes Wellness Center, els nostres t\u00e8cnics treballaran estretament amb tu per determinar la millor forma i color per a les teves celles. <\/p>\n<h3 style=\"text-align: center;\"><strong>Per qu\u00e8 triar-nos per a la micropigmentaci\u00f3 de celles<\/strong><\/h3>\n<p style=\"text-align: center;\">1. <strong>Professionals altament qualificats<\/strong> : El nostre equip de t\u00e8cnics compta amb una alta formaci\u00f3 i experi\u00e8ncia en <strong>microblading de celles<\/strong> , el que garanteix que rebis un servei de primer nivell.<\/p>\n<p style=\"text-align: center;\">2. <strong>T\u00e8cniques avan\u00e7ades i productes d&#8217;alta qualitat<\/strong> : Utilitzem les t\u00e8cniques m\u00e9s avan\u00e7ades i productes de m\u00e0xima qualitat per garantir uns resultats naturals i duradors.<\/p>\n<p style=\"text-align: center;\">3. <strong>Enfocament personalitzat<\/strong> : Treballem estretament amb cada client per determinar la millor forma i color per a les celles Aquest enfocament personalitzat garanteix que estigui satisfet amb el resultat final i que les celles tinguin un aspecte natural i afavoridor.<\/p>\n<p style=\"text-align: center;\">4. <strong>Ben situat<\/strong> : Balmes Wellness Center est\u00e0 situat a la zona alta de Barcelona, \u200b\u200bper la qual cosa \u00e9s f\u00e0cil arribar al nostre centre.<\/p>\n<\/div><\/div><\/div><\/div><\/div><\/div><\/section><section class=\"l-section wpb_row height_large width_custom\" style=\"--site-content-width:800px;\"><div class=\"l-section-h i-cf\"><div class=\"g-cols vc_row via_grid cols_1 laptops-cols_inherit tablets-cols_inherit mobiles-cols_1 valign_top type_default stacking_default\"><div class=\"wpb_column vc_column_container\"><div class=\"vc_column-inner\"><div class=\"wpb_text_column\"><div class=\"wpb_wrapper\"><h3 style=\"text-align: center;\"><strong>Vols saber m\u00e9s sobre el nostre servei de micropigmentaci\u00f3 de celles?<\/strong><\/h3>\n<\/div><\/div><div class=\"w-separator size_medium\"><\/div><div class=\"w-tabs style_default switch_click accordion type_togglable has_scrolling remove_indents\" style=\"--sections-title-size:1.2rem\"><div class=\"w-tabs-sections titles-align_none icon_chevron cpos_right\"><div class=\"w-tabs-section\" id=\"b24f\"><button class=\"w-tabs-section-header\" aria-controls=\"content-b24f\" aria-expanded=\"false\"><h3 class=\"w-tabs-section-title\">Origen d&#039;aquest tractament<\/h3><div class=\"w-tabs-section-control\"><\/div><\/button><div  class=\"w-tabs-section-content\" id=\"content-b24f\"><div class=\"w-tabs-section-content-h i-cf\"><div class=\"wpb_text_column\"><div class=\"wpb_wrapper\"><p>La micropigmentaci\u00f3 de celles, tamb\u00e9 coneguda com a microblading o tatuatge cosm\u00e8tic, \u00e9s un tractament de bellesa molt popular des de fa molts anys. La t\u00e8cnica es va originar a \u00c0sia i des de llavors ha guanyat popularitat a tot el m\u00f3n com a soluci\u00f3 semipermanent per real\u00e7ar les celles. <\/p>\n<p>El proc\u00e9s consisteix a utilitzar una petita eina manual amb agulles diminutes per dipositar pigment a la pell, creant tra\u00e7os similars a p\u00e8ls que imiten l&#8217;aspecte de les celles naturals. Aix\u00ed s&#8217;aconsegueix una mirada m\u00e9s definida i poblada, perfecta per als qui tenen celles escasses o poc poblades.<\/p>\n<\/div><\/div><\/div><\/div><\/div><div class=\"w-tabs-section\" id=\"d51b\"><button class=\"w-tabs-section-header\" aria-controls=\"content-d51b\" aria-expanded=\"false\"><h3 class=\"w-tabs-section-title\">Avantatges del microblading de celles<\/h3><div class=\"w-tabs-section-control\"><\/div><\/button><div  class=\"w-tabs-section-content\" id=\"content-d51b\"><div class=\"w-tabs-section-content-h i-cf\"><div class=\"wpb_text_column\"><div class=\"wpb_wrapper\"><p>S\u00f3n molts els beneficis de fer-se una micropigmentaci\u00f3 de celles a Balmes Wellness Center de Barcelona. Alguns s\u00f3n: <\/p>\n<p>1. <strong>Resultats duradors<\/strong> : A difer\u00e8ncia del maquillatge tradicional, que cal reaplicar di\u00e0riament, la <strong>micropigmentaci\u00f3 de celles<\/strong> pot durar fins a 18-24 mesos amb les cures adequades.<\/p>\n<p>2. <strong>Resultats naturals<\/strong> : El nostre equip de professionals de Balmes Wellness Center est\u00e0 especialitzat en crear celles d&#8217;aspecte natural que realcen els teus trets facials sense semblar artificials.<\/p>\n<p>3. <strong>Estalvi de temps<\/strong> : Amb la <strong>micropigmentaci\u00f3 de celles<\/strong> podr\u00e0s estalviar temps a la teva rutina di\u00e0ria de maquillatge.<\/p>\n<p>4. <strong>Personalitzable<\/strong> : El nostre equip de professionals treballar\u00e0 amb tu per crear un look personalitzat que s&#8217;adapti a la forma del teu rostre, to de pell i estil personal.<\/p>\n<p>5. <strong>Augment de la confian\u00e7a<\/strong> : Tenir unes celles ben definides pot millorar el teu aspecte general i augmentar la teva confian\u00e7a.<\/p>\n<p>6. <strong>Segur i higi\u00e8nic<\/strong> : A Balmes Wellness Center complim estrictes normes d&#8217;higiene i utilitzem pigments d&#8217;alta qualitat que s\u00f3n segurs per a la pell.<\/p>\n<p>Si est\u00e0s considerant la micropigmentaci\u00f3 de celles a Barcelona, \u200b\u200bBalmes Wellness Center \u00e9s el lloc perfecte per aconseguir els resultats que desitges.<\/p>\n<\/div><\/div><\/div><\/div><\/div><div class=\"w-tabs-section\" id=\"t724\"><button class=\"w-tabs-section-header\" aria-controls=\"content-t724\" aria-expanded=\"false\"><h3 class=\"w-tabs-section-title\">Preus micropigmentaci\u00f3 de celles<\/h3><div class=\"w-tabs-section-control\"><\/div><\/button><div  class=\"w-tabs-section-content\" id=\"content-t724\"><div class=\"w-tabs-section-content-h i-cf\"><div class=\"wpb_text_column\"><div class=\"wpb_wrapper\"><p>Estas son nuestros precios de micropigmentaci\u00f3n de cejas que ofrecemos en nuestro centro:<\/p>\n<p><strong>Sombras<\/strong> A consultar<br \/>\n<strong>Hiperrealismo<\/strong> A consultar<br \/>\n<strong>H\u00edbrido<\/strong> A consultar<br \/>\n<strong>Microblading <\/strong>A consultar<\/p>\n<\/div><\/div><\/div><\/div><\/div><\/div><\/div><\/div><\/div><\/div><\/div><\/section><section class=\"l-section wpb_row height_auto with_img parallax_ver with_shape\"><div class=\"l-section-img\" role=\"img\" aria-label=\"Imatge\" data-img-width=\"1200\" data-img-height=\"800\" style=\"background-image: url(https:\/\/balmeswellnesscenter.com\/wp-content\/uploads\/2023\/11\/toalla-helecho-velas-piedra-caliente-negra-ilustracion-madera-ai-generative.jpg);\"><\/div><div class=\"l-section-shape type_custom pos_bottom hor_flip\" style=\"height:14vh;\"><svg xmlns=\"http:\/\/www.w3.org\/2000\/svg\" viewBox=\"0 0 64 8\" preserveAspectRatio=\"none\" width=\"100%\" height=\"100%\">\r\n\t<path fill=\"currentColor\" d=\"M64 8 L0 8 L0 0 L64 0 Z\"\/>\r\n<\/svg><\/div><div class=\"l-section-h i-cf\"><div class=\"g-cols vc_row via_grid cols_1 laptops-cols_inherit tablets-cols_inherit mobiles-cols_1 valign_middle type_default stacking_default\"><div class=\"wpb_column vc_column_container\"><div class=\"vc_column-inner\"><div class=\"w-separator size_custom\" style=\"height:35vh\" id=\"i571\"><style><\/style><\/div><div class=\"w-actionbox us_custom_26be20fe color_primary controls_right\"><div class=\"w-actionbox-text\"><h2 class=\"w-actionbox-title\">Descobreix el millor centre de micropigmentaci\u00f3 de celles a Barcelona<\/h2><div class=\"w-actionbox-description\"><p>Visita el nostre <strong>centre de micropigmentaci\u00f3 de celles a Balmes Wellness Center a Barcelona<\/strong> ! Ens centrem a proporcionar una experi\u00e8ncia segura i c\u00f2moda als nostres clients durant els tractaments est\u00e8tics. El nostre equip de professionals est\u00e0 especialitzat en micropigmentaci\u00f3 per real\u00e7ar la bellesa natural. Els serveis inclouen tatuatges de celles, delineador d&#8217;ulls, delineador de llavis o canvis d&#8217;imatge facials complets. Poseu-vos en contacte amb nosaltres per obtenir resultats excepcionals.<\/p>\n<\/div><\/div><div class=\"w-actionbox-controls\"><a class=\"w-btn us-btn-style_3\" href=\"#2\"><span class=\"w-btn-label\">Veure m\u00e9s<\/span><\/a><\/div><\/div><\/div><\/div><\/div><\/div><\/section><section class=\"l-section wpb_row height_large width_custom\" style=\"--site-content-width:600px;\" id=\"2\"><div class=\"l-section-h i-cf\"><div class=\"g-cols vc_row via_grid cols_1 laptops-cols_inherit tablets-cols_inherit mobiles-cols_1 valign_top type_default stacking_default\"><div class=\"wpb_column vc_column_container\"><div class=\"vc_column-inner\"><div class=\"w-separator us_custom_dcd4f45f size_small with_line width_default thick_5 style_solid color_primary align_center\"><div class=\"w-separator-h\"><\/div><\/div><div class=\"wpb_text_column us_custom_55604014 has_text_color\"><div class=\"wpb_wrapper\"><p>Un viatge inoblidable a trav\u00e9s de <span style=\"color: var(--color-content-link);\">les sensacions<\/span><\/p>\n<\/div><\/div><div class=\"w-hwrapper us_custom_0f8f44b7 valign_middle align_left\" style=\"--hwrapper-gap:0.5rem\"><div class=\"w-iconbox iconpos_top style_default color_primary align_center no_text no_title\"><div class=\"w-iconbox-icon\" style=\"font-size:1.5rem;\"><i class=\"fas fa-star\"><\/i><\/div><div class=\"w-iconbox-meta\"><\/div><\/div><div class=\"w-iconbox iconpos_top style_default color_primary align_center no_text no_title\"><div class=\"w-iconbox-icon\" style=\"font-size:1.5rem;\"><i class=\"fas fa-star\"><\/i><\/div><div class=\"w-iconbox-meta\"><\/div><\/div><div class=\"w-iconbox iconpos_top style_default color_primary align_center no_text no_title\"><div class=\"w-iconbox-icon\" style=\"font-size:1.5rem;\"><i class=\"fas fa-star\"><\/i><\/div><div class=\"w-iconbox-meta\"><\/div><\/div><div class=\"w-iconbox iconpos_top style_default color_primary align_center no_text no_title\"><div class=\"w-iconbox-icon\" style=\"font-size:1.5rem;\"><i class=\"fas fa-star\"><\/i><\/div><div class=\"w-iconbox-meta\"><\/div><\/div><div class=\"w-iconbox iconpos_top style_default color_primary align_center no_text no_title\"><div class=\"w-iconbox-icon\" style=\"font-size:1.5rem;\"><i class=\"fas fa-star\"><\/i><\/div><div class=\"w-iconbox-meta\"><\/div><\/div><\/div><\/div><\/div><\/div><\/div><\/section><section class=\"l-section wpb_row height_auto width_full\"><div class=\"l-section-h i-cf\"><div class=\"g-cols vc_row via_grid cols_1 laptops-cols_inherit tablets-cols_inherit mobiles-cols_1 valign_top type_default stacking_default\"><div class=\"wpb_column vc_column_container\"><div class=\"vc_column-inner\"><div class=\"w-grid us_carousel type_carousel layout_gallery_cropped preload_style_spinner items_3 ratio_3x2\" id=\"us_grid_1\" style=\"--items:3;--gap:5px;--item-ratio:0.66667;\"><style>.layout_gallery_cropped .w-grid-item-h{}.layout_gallery_cropped .usg_post_image_1{position:absolute!important;left:0!important;top:0!important;bottom:0!important;right:0!important}<\/style><div class=\"w-grid-list owl-carousel valign_middle dotstyle_circle navstyle_square arrows-ver-pos_stretch arrows-hor-pos_on_sides_inside arrows-disabled_hide owl-responsive-2000 with_arrows\" style=\"--transition-duration:350ms;--arrows-size:1.5rem;--arrows-hor-offset:calc(0px - 5px);--arrows-gap:10px;\">\t<article class=\"w-grid-item post-1136 attachment type-attachment status-inherit hentry\" data-id=\"1136\">\r\n\t\t<div class=\"w-grid-item-h\">\r\n\t\t\t\t\t\t<div class=\"w-post-elm post_image usg_post_image_1 stretched\"><img loading=\"lazy\" decoding=\"async\" width=\"1024\" height=\"768\" src=\"https:\/\/balmeswellnesscenter.com\/wp-content\/uploads\/2023\/11\/WhatsApp-Image-2021-07-23-at-13.18.09.jpg\" class=\"attachment-large size-large\" alt=\"\" srcset=\"https:\/\/balmeswellnesscenter.com\/wp-content\/uploads\/2023\/11\/WhatsApp-Image-2021-07-23-at-13.18.09.jpg 1024w, https:\/\/balmeswellnesscenter.com\/wp-content\/uploads\/2023\/11\/WhatsApp-Image-2021-07-23-at-13.18.09-300x225.jpg 300w\" sizes=\"auto, (max-width: 1024px) 100vw, 1024px\" \/><\/div>\t\t<\/div>\r\n\t\t\t<\/article>\r\n\t<article class=\"w-grid-item post-1138 attachment type-attachment status-inherit hentry\" data-id=\"1138\">\r\n\t\t<div class=\"w-grid-item-h\">\r\n\t\t\t\t\t\t<div class=\"w-post-elm post_image usg_post_image_1 stretched\"><img loading=\"lazy\" decoding=\"async\" width=\"1024\" height=\"768\" src=\"https:\/\/balmeswellnesscenter.com\/wp-content\/uploads\/2023\/11\/WhatsApp-Image-2021-07-23-at-13.18.09-4.jpg\" class=\"attachment-large size-large\" alt=\"\" srcset=\"https:\/\/balmeswellnesscenter.com\/wp-content\/uploads\/2023\/11\/WhatsApp-Image-2021-07-23-at-13.18.09-4.jpg 1024w, https:\/\/balmeswellnesscenter.com\/wp-content\/uploads\/2023\/11\/WhatsApp-Image-2021-07-23-at-13.18.09-4-300x225.jpg 300w\" sizes=\"auto, (max-width: 1024px) 100vw, 1024px\" \/><\/div>\t\t<\/div>\r\n\t\t\t<\/article>\r\n\t<article class=\"w-grid-item post-1149 attachment type-attachment status-inherit hentry\" data-id=\"1149\">\r\n\t\t<div class=\"w-grid-item-h\">\r\n\t\t\t\t\t\t<div class=\"w-post-elm post_image usg_post_image_1 stretched\"><img loading=\"lazy\" decoding=\"async\" width=\"1000\" height=\"667\" src=\"https:\/\/balmeswellnesscenter.com\/wp-content\/uploads\/2024\/04\/balmes-wellness-center.jpg\" class=\"attachment-large size-large\" alt=\"\" srcset=\"https:\/\/balmeswellnesscenter.com\/wp-content\/uploads\/2024\/04\/balmes-wellness-center.jpg 1000w, https:\/\/balmeswellnesscenter.com\/wp-content\/uploads\/2024\/04\/balmes-wellness-center-300x200.jpg 300w\" sizes=\"auto, (max-width: 1000px) 100vw, 1000px\" \/><\/div>\t\t<\/div>\r\n\t\t\t<\/article>\r\n\t<article class=\"w-grid-item post-1148 attachment type-attachment status-inherit hentry\" data-id=\"1148\">\r\n\t\t<div class=\"w-grid-item-h\">\r\n\t\t\t\t\t\t<div class=\"w-post-elm post_image usg_post_image_1 stretched\"><img loading=\"lazy\" decoding=\"async\" width=\"1000\" height=\"667\" src=\"https:\/\/balmeswellnesscenter.com\/wp-content\/uploads\/2024\/04\/balmes-wellness-center2.jpg\" class=\"attachment-large size-large\" alt=\"\" srcset=\"https:\/\/balmeswellnesscenter.com\/wp-content\/uploads\/2024\/04\/balmes-wellness-center2.jpg 1000w, https:\/\/balmeswellnesscenter.com\/wp-content\/uploads\/2024\/04\/balmes-wellness-center2-300x200.jpg 300w\" sizes=\"auto, (max-width: 1000px) 100vw, 1000px\" \/><\/div>\t\t<\/div>\r\n\t\t\t<\/article>\r\n\t<article class=\"w-grid-item post-1147 attachment type-attachment status-inherit hentry\" data-id=\"1147\">\r\n\t\t<div class=\"w-grid-item-h\">\r\n\t\t\t\t\t\t<div class=\"w-post-elm post_image usg_post_image_1 stretched\"><img loading=\"lazy\" decoding=\"async\" width=\"1000\" height=\"667\" src=\"https:\/\/balmeswellnesscenter.com\/wp-content\/uploads\/2024\/04\/balmes-wellness-center3.jpg\" class=\"attachment-large size-large\" alt=\"\" srcset=\"https:\/\/balmeswellnesscenter.com\/wp-content\/uploads\/2024\/04\/balmes-wellness-center3.jpg 1000w, https:\/\/balmeswellnesscenter.com\/wp-content\/uploads\/2024\/04\/balmes-wellness-center3-300x200.jpg 300w\" sizes=\"auto, (max-width: 1000px) 100vw, 1000px\" \/><\/div>\t\t<\/div>\r\n\t\t\t<\/article>\r\n\t<article class=\"w-grid-item post-1146 attachment type-attachment status-inherit hentry\" data-id=\"1146\">\r\n\t\t<div class=\"w-grid-item-h\">\r\n\t\t\t\t\t\t<div class=\"w-post-elm post_image usg_post_image_1 stretched\"><img loading=\"lazy\" decoding=\"async\" width=\"1000\" height=\"667\" src=\"https:\/\/balmeswellnesscenter.com\/wp-content\/uploads\/2024\/04\/balmes-wellness-center4.jpg\" class=\"attachment-large size-large\" alt=\"\" srcset=\"https:\/\/balmeswellnesscenter.com\/wp-content\/uploads\/2024\/04\/balmes-wellness-center4.jpg 1000w, https:\/\/balmeswellnesscenter.com\/wp-content\/uploads\/2024\/04\/balmes-wellness-center4-300x200.jpg 300w\" sizes=\"auto, (max-width: 1000px) 100vw, 1000px\" \/><\/div>\t\t<\/div>\r\n\t\t\t<\/article>\r\n<\/div><div class=\"w-grid-carousel-json hidden\" onclick='return {&quot;carousel_settings&quot;:{&quot;aria_labels&quot;:{&quot;prev&quot;:&quot;Anterior&quot;,&quot;next&quot;:&quot;Seg\\u00fcent&quot;},&quot;autoplayContinual&quot;:false,&quot;autoplayHoverPause&quot;:false,&quot;autoplayTimeout&quot;:3000,&quot;autoWidth&quot;:false,&quot;smartSpeed&quot;:350,&quot;margin&quot;:0,&quot;mouseDrag&quot;:true,&quot;rtl&quot;:false,&quot;slideBy&quot;:&quot;1&quot;,&quot;touchDrag&quot;:true,&quot;slideTransition&quot;:&quot;&quot;,&quot;responsive&quot;:{&quot;0&quot;:{&quot;autoHeight&quot;:false,&quot;autoplay&quot;:true,&quot;autoWidth&quot;:false,&quot;center&quot;:false,&quot;dots&quot;:false,&quot;items&quot;:1,&quot;loop&quot;:true,&quot;nav&quot;:false,&quot;stagePadding&quot;:30,&quot;slideBy&quot;:&quot;1&quot;},&quot;601&quot;:{&quot;autoHeight&quot;:false,&quot;autoplay&quot;:true,&quot;autoWidth&quot;:false,&quot;center&quot;:false,&quot;dots&quot;:false,&quot;items&quot;:2,&quot;loop&quot;:true,&quot;nav&quot;:true,&quot;stagePadding&quot;:80,&quot;slideBy&quot;:&quot;1&quot;},&quot;1025&quot;:{&quot;autoHeight&quot;:false,&quot;autoplay&quot;:true,&quot;autoWidth&quot;:false,&quot;center&quot;:false,&quot;dots&quot;:false,&quot;items&quot;:3,&quot;loop&quot;:true,&quot;nav&quot;:true,&quot;stagePadding&quot;:80,&quot;slideBy&quot;:&quot;1&quot;},&quot;1381&quot;:{&quot;items&quot;:3,&quot;autoplay&quot;:false,&quot;center&quot;:false,&quot;dots&quot;:false,&quot;nav&quot;:true,&quot;autoHeight&quot;:false,&quot;autoWidth&quot;:false,&quot;loop&quot;:true,&quot;stagePadding&quot;:80}}}}'><\/div><\/div><\/div><\/div><\/div><\/div><\/section><section class=\"l-section wpb_row height_large\"><div class=\"l-section-h i-cf\"><div class=\"g-cols vc_row via_grid cols_1 laptops-cols_inherit tablets-cols_inherit mobiles-cols_1 valign_top type_default stacking_default\" style=\"--columns-gap:0rem;\"><div class=\"wpb_column vc_column_container\"><div class=\"vc_column-inner\"><div class=\"wpb_text_column\"><div class=\"wpb_wrapper\"><h3 style=\"text-align: center;\">Gaudeix d\u00b4una experi\u00e8ncia \u00fanica<\/h3>\n<\/div><\/div><div class=\"w-separator us_custom_eb849559 size_small with_line width_50 thick_5 style_solid color_primary align_center\"><div class=\"w-separator-h\"><\/div><\/div><div class=\"w-separator us_custom_eb849559 size_custom\" style=\"height:30px\" id=\"l828\"><style><\/style><\/div><div class=\"w-separator us_custom_eb849559 size_custom\" style=\"height:30px\" id=\"y936\"><style><\/style><\/div><div class=\"g-cols wpb_row via_grid cols_2 laptops-cols_inherit tablets-cols_1 mobiles-cols_1 valign_middle type_default stacking_default\" style=\"--columns-gap:3rem;\"><div class=\"wpb_column vc_column_container\"><div class=\"vc_column-inner\"><div class=\"w-iconbox iconpos_left style_default color_primary align_left\"><div class=\"w-iconbox-icon\" style=\"font-size:50px;\"><i class=\"fas fa-heart\"><\/i><\/div><div class=\"w-iconbox-meta\"><h4 class=\"w-iconbox-title\">Benestar<\/h4><div class=\"w-iconbox-text\"><p>Amb els nostres tractaments redescobrir\u00e0s el significat de la paraula benestar.<\/p>\n<\/div><\/div><\/div><div class=\"w-separator size_large\"><\/div><div class=\"w-iconbox iconpos_left style_default color_primary align_left\"><div class=\"w-iconbox-icon\" style=\"font-size:50px;\"><i class=\"fas fa-hands\"><\/i><\/div><div class=\"w-iconbox-meta\"><h4 class=\"w-iconbox-title\">Massatgistes professionals<\/h4><div class=\"w-iconbox-text\"><p><span style=\"vertical-align: inherit;\">El nostre equip de massatgistes est\u00e0 altament qualificat a cadascuna de les seves disciplines.<\/span><\/p>\n<\/div><\/div><\/div><div class=\"w-separator size_large\"><\/div><div class=\"w-iconbox iconpos_left style_default color_primary align_left\"><div class=\"w-iconbox-icon\" style=\"font-size:50px;\"><i class=\"fas fa-yin-yang\"><\/i><\/div><div class=\"w-iconbox-meta\"><h4 class=\"w-iconbox-title\">Harmonia<\/h4><div class=\"w-iconbox-text\"><p>Torna a sentir la connexi\u00f3 entre el teu cos i la ment.<\/p>\n<\/div><\/div><\/div><\/div><\/div><div class=\"wpb_column vc_column_container\"><div class=\"vc_column-inner\"><div class=\"w-image us_custom_fd2a8abf has_ratio align_none\"><div class=\"w-image-h\"><div style=\"padding-bottom:100%\"><\/div><img decoding=\"async\" width=\"1024\" height=\"682\" src=\"https:\/\/balmeswellnesscenter.com\/wp-content\/uploads\/2023\/11\/retrato-joven-modelo-elegante-riendo-ropa-casual-gris-verano-sombrero-marron-maquillaje-natural-1024x682.jpg\" class=\"attachment-large size-large\" alt=\"\" loading=\"lazy\" \/><\/div><\/div><\/div><\/div><\/div><\/div><\/div><\/div><\/div><\/section>\n","protected":false},"excerpt":{"rendered":"","protected":false},"author":1,"featured_media":1142,"parent":0,"menu_order":0,"comment_status":"closed","ping_status":"closed","template":"","meta":{"_joinchat":[],"footnotes":""},"class_list":["post-1448","page","type-page","status-publish","has-post-thumbnail","hentry"],"yoast_head":"<!-- This site is optimized with the Yoast SEO plugin v27.3 - https:\/\/yoast.com\/product\/yoast-seo-wordpress\/ -->\n<title>Micropigmentaci\u00f3 celles Barcelona | Microblading celles Barcelona<\/title>\n<meta name=\"description\" content=\"Centre especialitzat en Microblading i Micropigmentaci\u00f3 de celles a Barcelona. Ombres | Hiperrealisme | H\u00edbrid | Microblading\" \/>\n<meta name=\"robots\" content=\"index, follow, max-snippet:-1, max-image-preview:large, max-video-preview:-1\" \/>\n<link rel=\"canonical\" href=\"https:\/\/balmeswellnesscenter.com\/ca\/micropigmentacio-celles\/\" \/>\n<meta property=\"og:locale\" content=\"ca_ES\" \/>\n<meta property=\"og:type\" content=\"article\" \/>\n<meta property=\"og:title\" content=\"Micropigmentaci\u00f3 celles Barcelona | Microblading celles Barcelona\" \/>\n<meta property=\"og:description\" content=\"Centre especialitzat en Microblading i Micropigmentaci\u00f3 de celles a Barcelona. Ombres | Hiperrealisme | H\u00edbrid | Microblading\" \/>\n<meta property=\"og:url\" content=\"https:\/\/balmeswellnesscenter.com\/ca\/micropigmentacio-celles\/\" \/>\n<meta property=\"og:site_name\" content=\"Balmes Wellness Center\" \/>\n<meta property=\"article:modified_time\" content=\"2026-03-17T18:25:39+00:00\" \/>\n<meta property=\"og:image\" content=\"https:\/\/balmeswellnesscenter.com\/wp-content\/uploads\/2023\/11\/marcado-lapiz-cejas.jpg\" \/>\n\t<meta property=\"og:image:width\" content=\"1200\" \/>\n\t<meta property=\"og:image:height\" content=\"800\" \/>\n\t<meta property=\"og:image:type\" content=\"image\/jpeg\" \/>\n<meta name=\"twitter:card\" content=\"summary_large_image\" \/>\n<meta name=\"twitter:label1\" content=\"Temps estimat de lectura\" \/>\n\t<meta name=\"twitter:data1\" content=\"8 minuts\" \/>\n<script type=\"application\/ld+json\" class=\"yoast-schema-graph\">{\"@context\":\"https:\\\/\\\/schema.org\",\"@graph\":[{\"@type\":\"WebPage\",\"@id\":\"https:\\\/\\\/balmeswellnesscenter.com\\\/ca\\\/micropigmentacio-celles\\\/\",\"url\":\"https:\\\/\\\/balmeswellnesscenter.com\\\/ca\\\/micropigmentacio-celles\\\/\",\"name\":\"Micropigmentaci\u00f3 celles Barcelona | Microblading celles Barcelona\",\"isPartOf\":{\"@id\":\"https:\\\/\\\/balmeswellnesscenter.com\\\/ca\\\/#website\"},\"primaryImageOfPage\":{\"@id\":\"https:\\\/\\\/balmeswellnesscenter.com\\\/ca\\\/micropigmentacio-celles\\\/#primaryimage\"},\"image\":{\"@id\":\"https:\\\/\\\/balmeswellnesscenter.com\\\/ca\\\/micropigmentacio-celles\\\/#primaryimage\"},\"thumbnailUrl\":\"https:\\\/\\\/balmeswellnesscenter.com\\\/wp-content\\\/uploads\\\/2023\\\/11\\\/marcado-lapiz-cejas.jpg\",\"datePublished\":\"2025-02-26T10:53:59+00:00\",\"dateModified\":\"2026-03-17T18:25:39+00:00\",\"description\":\"Centre especialitzat en Microblading i Micropigmentaci\u00f3 de celles a Barcelona. Ombres | Hiperrealisme | H\u00edbrid | Microblading\",\"breadcrumb\":{\"@id\":\"https:\\\/\\\/balmeswellnesscenter.com\\\/ca\\\/micropigmentacio-celles\\\/#breadcrumb\"},\"inLanguage\":\"ca\",\"potentialAction\":[{\"@type\":\"ReadAction\",\"target\":[\"https:\\\/\\\/balmeswellnesscenter.com\\\/ca\\\/micropigmentacio-celles\\\/\"]}]},{\"@type\":\"ImageObject\",\"inLanguage\":\"ca\",\"@id\":\"https:\\\/\\\/balmeswellnesscenter.com\\\/ca\\\/micropigmentacio-celles\\\/#primaryimage\",\"url\":\"https:\\\/\\\/balmeswellnesscenter.com\\\/wp-content\\\/uploads\\\/2023\\\/11\\\/marcado-lapiz-cejas.jpg\",\"contentUrl\":\"https:\\\/\\\/balmeswellnesscenter.com\\\/wp-content\\\/uploads\\\/2023\\\/11\\\/marcado-lapiz-cejas.jpg\",\"width\":1200,\"height\":800,\"caption\":\"Micropigmentaci\u00f3n cejas Barcelona\"},{\"@type\":\"BreadcrumbList\",\"@id\":\"https:\\\/\\\/balmeswellnesscenter.com\\\/ca\\\/micropigmentacio-celles\\\/#breadcrumb\",\"itemListElement\":[{\"@type\":\"ListItem\",\"position\":1,\"name\":\"Portada\",\"item\":\"https:\\\/\\\/balmeswellnesscenter.com\\\/ca\\\/inici\\\/\"},{\"@type\":\"ListItem\",\"position\":2,\"name\":\"Micropigmentaci\u00f3 celles\"}]},{\"@type\":\"WebSite\",\"@id\":\"https:\\\/\\\/balmeswellnesscenter.com\\\/ca\\\/#website\",\"url\":\"https:\\\/\\\/balmeswellnesscenter.com\\\/ca\\\/\",\"name\":\"BalmesWellnessCenter.com\",\"description\":\"BalmesWellnessCenter.com\",\"publisher\":{\"@id\":\"https:\\\/\\\/balmeswellnesscenter.com\\\/ca\\\/#organization\"},\"alternateName\":\"Balmes Wellness Center\",\"potentialAction\":[{\"@type\":\"SearchAction\",\"target\":{\"@type\":\"EntryPoint\",\"urlTemplate\":\"https:\\\/\\\/balmeswellnesscenter.com\\\/ca\\\/?s={search_term_string}\"},\"query-input\":{\"@type\":\"PropertyValueSpecification\",\"valueRequired\":true,\"valueName\":\"search_term_string\"}}],\"inLanguage\":\"ca\"},{\"@type\":\"Organization\",\"@id\":\"https:\\\/\\\/balmeswellnesscenter.com\\\/ca\\\/#organization\",\"name\":\"BalmesWellnessCenter.com\",\"url\":\"https:\\\/\\\/balmeswellnesscenter.com\\\/ca\\\/\",\"logo\":{\"@type\":\"ImageObject\",\"inLanguage\":\"ca\",\"@id\":\"https:\\\/\\\/balmeswellnesscenter.com\\\/ca\\\/#\\\/schema\\\/logo\\\/image\\\/\",\"url\":\"https:\\\/\\\/balmeswellnesscenter.com\\\/wp-content\\\/uploads\\\/2024\\\/01\\\/Logotipo-dorado-fondo-negro.jpg\",\"contentUrl\":\"https:\\\/\\\/balmeswellnesscenter.com\\\/wp-content\\\/uploads\\\/2024\\\/01\\\/Logotipo-dorado-fondo-negro.jpg\",\"width\":814,\"height\":764,\"caption\":\"BalmesWellnessCenter.com\"},\"image\":{\"@id\":\"https:\\\/\\\/balmeswellnesscenter.com\\\/ca\\\/#\\\/schema\\\/logo\\\/image\\\/\"}}]}<\/script>\n<!-- \/ Yoast SEO plugin. -->","yoast_head_json":{"title":"Micropigmentaci\u00f3 celles Barcelona | Microblading celles Barcelona","description":"Centre especialitzat en Microblading i Micropigmentaci\u00f3 de celles a Barcelona. Ombres | Hiperrealisme | H\u00edbrid | Microblading","robots":{"index":"index","follow":"follow","max-snippet":"max-snippet:-1","max-image-preview":"max-image-preview:large","max-video-preview":"max-video-preview:-1"},"canonical":"https:\/\/balmeswellnesscenter.com\/ca\/micropigmentacio-celles\/","og_locale":"ca_ES","og_type":"article","og_title":"Micropigmentaci\u00f3 celles Barcelona | Microblading celles Barcelona","og_description":"Centre especialitzat en Microblading i Micropigmentaci\u00f3 de celles a Barcelona. Ombres | Hiperrealisme | H\u00edbrid | Microblading","og_url":"https:\/\/balmeswellnesscenter.com\/ca\/micropigmentacio-celles\/","og_site_name":"Balmes Wellness Center","article_modified_time":"2026-03-17T18:25:39+00:00","og_image":[{"width":1200,"height":800,"url":"https:\/\/balmeswellnesscenter.com\/wp-content\/uploads\/2023\/11\/marcado-lapiz-cejas.jpg","type":"image\/jpeg"}],"twitter_card":"summary_large_image","twitter_misc":{"Temps estimat de lectura":"8 minuts"},"schema":{"@context":"https:\/\/schema.org","@graph":[{"@type":"WebPage","@id":"https:\/\/balmeswellnesscenter.com\/ca\/micropigmentacio-celles\/","url":"https:\/\/balmeswellnesscenter.com\/ca\/micropigmentacio-celles\/","name":"Micropigmentaci\u00f3 celles Barcelona | Microblading celles Barcelona","isPartOf":{"@id":"https:\/\/balmeswellnesscenter.com\/ca\/#website"},"primaryImageOfPage":{"@id":"https:\/\/balmeswellnesscenter.com\/ca\/micropigmentacio-celles\/#primaryimage"},"image":{"@id":"https:\/\/balmeswellnesscenter.com\/ca\/micropigmentacio-celles\/#primaryimage"},"thumbnailUrl":"https:\/\/balmeswellnesscenter.com\/wp-content\/uploads\/2023\/11\/marcado-lapiz-cejas.jpg","datePublished":"2025-02-26T10:53:59+00:00","dateModified":"2026-03-17T18:25:39+00:00","description":"Centre especialitzat en Microblading i Micropigmentaci\u00f3 de celles a Barcelona. Ombres | Hiperrealisme | H\u00edbrid | Microblading","breadcrumb":{"@id":"https:\/\/balmeswellnesscenter.com\/ca\/micropigmentacio-celles\/#breadcrumb"},"inLanguage":"ca","potentialAction":[{"@type":"ReadAction","target":["https:\/\/balmeswellnesscenter.com\/ca\/micropigmentacio-celles\/"]}]},{"@type":"ImageObject","inLanguage":"ca","@id":"https:\/\/balmeswellnesscenter.com\/ca\/micropigmentacio-celles\/#primaryimage","url":"https:\/\/balmeswellnesscenter.com\/wp-content\/uploads\/2023\/11\/marcado-lapiz-cejas.jpg","contentUrl":"https:\/\/balmeswellnesscenter.com\/wp-content\/uploads\/2023\/11\/marcado-lapiz-cejas.jpg","width":1200,"height":800,"caption":"Micropigmentaci\u00f3n cejas Barcelona"},{"@type":"BreadcrumbList","@id":"https:\/\/balmeswellnesscenter.com\/ca\/micropigmentacio-celles\/#breadcrumb","itemListElement":[{"@type":"ListItem","position":1,"name":"Portada","item":"https:\/\/balmeswellnesscenter.com\/ca\/inici\/"},{"@type":"ListItem","position":2,"name":"Micropigmentaci\u00f3 celles"}]},{"@type":"WebSite","@id":"https:\/\/balmeswellnesscenter.com\/ca\/#website","url":"https:\/\/balmeswellnesscenter.com\/ca\/","name":"BalmesWellnessCenter.com","description":"BalmesWellnessCenter.com","publisher":{"@id":"https:\/\/balmeswellnesscenter.com\/ca\/#organization"},"alternateName":"Balmes Wellness Center","potentialAction":[{"@type":"SearchAction","target":{"@type":"EntryPoint","urlTemplate":"https:\/\/balmeswellnesscenter.com\/ca\/?s={search_term_string}"},"query-input":{"@type":"PropertyValueSpecification","valueRequired":true,"valueName":"search_term_string"}}],"inLanguage":"ca"},{"@type":"Organization","@id":"https:\/\/balmeswellnesscenter.com\/ca\/#organization","name":"BalmesWellnessCenter.com","url":"https:\/\/balmeswellnesscenter.com\/ca\/","logo":{"@type":"ImageObject","inLanguage":"ca","@id":"https:\/\/balmeswellnesscenter.com\/ca\/#\/schema\/logo\/image\/","url":"https:\/\/balmeswellnesscenter.com\/wp-content\/uploads\/2024\/01\/Logotipo-dorado-fondo-negro.jpg","contentUrl":"https:\/\/balmeswellnesscenter.com\/wp-content\/uploads\/2024\/01\/Logotipo-dorado-fondo-negro.jpg","width":814,"height":764,"caption":"BalmesWellnessCenter.com"},"image":{"@id":"https:\/\/balmeswellnesscenter.com\/ca\/#\/schema\/logo\/image\/"}}]}},"_links":{"self":[{"href":"https:\/\/balmeswellnesscenter.com\/ca\/wp-json\/wp\/v2\/pages\/1448","targetHints":{"allow":["GET"]}}],"collection":[{"href":"https:\/\/balmeswellnesscenter.com\/ca\/wp-json\/wp\/v2\/pages"}],"about":[{"href":"https:\/\/balmeswellnesscenter.com\/ca\/wp-json\/wp\/v2\/types\/page"}],"author":[{"embeddable":true,"href":"https:\/\/balmeswellnesscenter.com\/ca\/wp-json\/wp\/v2\/users\/1"}],"replies":[{"embeddable":true,"href":"https:\/\/balmeswellnesscenter.com\/ca\/wp-json\/wp\/v2\/comments?post=1448"}],"version-history":[{"count":14,"href":"https:\/\/balmeswellnesscenter.com\/ca\/wp-json\/wp\/v2\/pages\/1448\/revisions"}],"predecessor-version":[{"id":1720,"href":"https:\/\/balmeswellnesscenter.com\/ca\/wp-json\/wp\/v2\/pages\/1448\/revisions\/1720"}],"wp:featuredmedia":[{"embeddable":true,"href":"https:\/\/balmeswellnesscenter.com\/ca\/wp-json\/wp\/v2\/media\/1142"}],"wp:attachment":[{"href":"https:\/\/balmeswellnesscenter.com\/ca\/wp-json\/wp\/v2\/media?parent=1448"}],"curies":[{"name":"wp","href":"https:\/\/api.w.org\/{rel}","templated":true}]}}